{"id":1721,"date":"2023-10-09T10:45:29","date_gmt":"2023-10-09T10:45:29","guid":{"rendered":"https:\/\/ciudadania-enitalia.com\/?page_id=1721"},"modified":"2025-02-22T18:16:52","modified_gmt":"2025-02-22T18:16:52","slug":"avv-evelin-marchetti","status":"publish","type":"page","link":"https:\/\/ciudadania-enitalia.com\/index.php\/avv-evelin-marchetti\/","title":{"rendered":"Avv Evelin Marchetti"},"content":{"rendered":"\n<h2 class=\"wp-block-heading has-text-align-center\">Avv. Evelin Marchetti<\/h2>\n\n\n\n<hr class=\"wp-block-separator has-css-opacity is-style-wide\"\/>\n\n\n\n<div class=\"wp-block-jetpack-layout-grid column1-desktop-grid__span-6 column1-desktop-grid__row-1 column2-desktop-grid__span-6 column2-desktop-grid__start-7 column2-desktop-grid__row-1 column1-tablet-grid__span-4 column1-tablet-grid__row-1 column2-tablet-grid__span-4 column2-tablet-grid__start-5 column2-tablet-grid__row-1 column1-mobile-grid__span-4 column1-mobile-grid__row-1 column2-mobile-grid__span-4 column2-mobile-grid__row-2\">\n<div class=\"wp-block-jetpack-layout-grid-column wp-block-jetpack-layout-grid__padding-none\">\n<div class=\"wp-block-uagb-image uagb-block-fddeaa88 wp-block-uagb-image--layout-default wp-block-uagb-image--effect-static wp-block-uagb-image--align-none\"><figure class=\"wp-block-uagb-image__figure\"><img decoding=\"async\" srcset=\"https:\/\/ciudadania-enitalia.com\/wp-content\/uploads\/2023\/10\/edited-24-683x1024.jpg ,https:\/\/ciudadania-enitalia.com\/wp-content\/uploads\/2023\/10\/edited-24-scaled.jpg 780w, https:\/\/ciudadania-enitalia.com\/wp-content\/uploads\/2023\/10\/edited-24-scaled.jpg 360w\" sizes=\"auto, (max-width: 480px) 150px\" src=\"https:\/\/ciudadania-enitalia.com\/wp-content\/uploads\/2023\/10\/edited-24-683x1024.jpg\" alt=\"\" class=\"uag-image-1715\" width=\"683\" height=\"1024\" title=\"\" loading=\"lazy\" role=\"img\"\/><\/figure><\/div>\n<\/div>\n\n\n\n<div class=\"wp-block-jetpack-layout-grid-column wp-block-jetpack-layout-grid__padding-none\">\n<p>La Abogada Evelin Marchetti es laureada en la \u2018Universit\u00e0 degli Studi di Brescia\u2019 y especializada en inmigraci\u00f3n.<\/p>\n\n\n\n<p>Ha estudiado adem\u00e1s en Montpellier y Toulouse (Francia).<\/p>\n\n\n\n<p>Se encuentra inscrita en el ASGI (Asociaci\u00f3n para los Estudios Jur\u00eddicos sobre Inmigraci\u00f3n), donde se brindan cursos y seminarios de actualizaci\u00f3n sobre la normativa de Ciudadan\u00eda, residencia de extranjeros, entre otros.<\/p>\n\n\n\n<p>Habla Italiano, Ingles, Franc\u00e9s y Espa\u00f1ol.<\/p>\n<\/div>\n<\/div>\n\n\n\n<p class=\"has-text-align-left\">Perteneciente al Foro de Brescia cuenta con una experiencia de m\u00e1s de 5 a\u00f1os en tr\u00e1mites de Ciudadan\u00eda \u201ciure sanguinis\u201d v\u00eda Judicial.<\/p>\n\n\n\n<p>Es por todo ello que la Abogada Evelin Marchetti se suma al equipo de Colaboradores de &#8220;Ciudadan\u00eda <em>en<\/em> Italia&#8221; para brindar todo el Asesoramiento Jur\u00eddico y llevar adelante las Demandas Judiciales de Ciudadan\u00eda Italiana, ya sea por linea materna (anterior a 1948), como por falta de turnos en Consulados.<\/p>\n\n\n\n<hr class=\"wp-block-separator has-alpha-channel-opacity is-style-wide\"\/>\n\n\n\n<h4 class=\"wp-block-heading has-text-align-center\">\u00bfNecesitas Ayuda para tr\u00e1mites V\u00eda Judicial?<\/h4>\n\n\n\n<div class=\"wp-block-buttons is-horizontal is-content-justification-center is-layout-flex wp-container-core-buttons-is-layout-03627597 wp-block-buttons-is-layout-flex\">\n<div class=\"wp-block-button\"><a class=\"wp-block-button__link wp-element-button\" href=\"https:\/\/ciudadania-enitalia.com\/index.php\/servicios\/\" target=\"_blank\" rel=\"noreferrer noopener\">VER SERVICIOS<\/a><\/div>\n\n\n\n<div class=\"wp-block-button is-style-fill\"><a class=\"wp-block-button__link wp-element-button\" href=\"https:\/\/ciudadania-enitalia.com\/index.php\/contact\/\" target=\"_blank\" rel=\"noreferrer noopener\">CONTACTANOS<\/a><\/div>\n<\/div>\n\n\n\n<div style=\"height:32px\" aria-hidden=\"true\" class=\"wp-block-spacer desktop-only\"><\/div>\n\n\n\n<div class=\"wp-block-group alignfull has-foreground-dark-background-color has-background\"><div class=\"wp-block-group__inner-container is-layout-flow wp-block-group-is-layout-flow\">\n<div class=\"wp-block-jetpack-layout-grid alignfull column1-desktop-grid__span-4 column1-desktop-grid__start-2 column1-desktop-grid__row-1 column2-desktop-grid__span-5 column2-desktop-grid__start-7 column2-desktop-grid__row-1 column1-tablet-grid__span-4 column1-tablet-grid__row-1 column2-tablet-grid__span-4 column2-tablet-grid__start-5 column2-tablet-grid__row-1 column1-mobile-grid__span-4 column1-mobile-grid__row-1 column2-mobile-grid__span-4 column2-mobile-grid__row-2\">\n<div class=\"wp-block-jetpack-layout-grid-column wp-block-jetpack-layout-grid__padding-none\">\n<p><strong>CIUDADANIA <em>en <\/em>ITALIA<\/strong><br>Asesoramiento y Gesti\u00f3n<\/p>\n\n\n\n<p style=\"font-size:13.3914px\">\u00a9 2013-2026 Mat\u00edas Toir\u00e1n<br><a href=\"https:\/\/ciudadania-enitalia.com\/index.php\/disclaimer-aviso-legal\/\" target=\"_blank\" rel=\"noreferrer noopener\">Disclaimer &#8211; Aviso Legal<\/a><br><a href=\"https:\/\/ciudadania-enitalia.com\/index.php\/politica-de-cookies\/\" target=\"_blank\" rel=\"noreferrer noopener\">Pol\u00edtica de Cookies<\/a><br><a href=\"https:\/\/ciudadania-enitalia.com\/index.php\/politica-de-privacidad\/\" target=\"_blank\" rel=\"noreferrer noopener\">Pol\u00edtica de Privacidad y Datos Personales<\/a><\/p>\n<\/div>\n\n\n\n<div class=\"wp-block-jetpack-layout-grid-column wp-block-jetpack-layout-grid__padding-none\">\n<p class=\"has-text-align-right has-normal-font-size\">Tem\u00e1tica de Informaci\u00f3n<\/p>\n\n\n\n<hr class=\"wp-block-separator has-css-opacity is-style-wide\"\/>\n\n\n\n<p class=\"has-text-align-right has-small-font-size\"><a href=\"https:\/\/ciudadania-enitalia.com\/index.php\/conceptos\/\">Inicio y Conceptos<\/a> \u00b7 <a href=\"https:\/\/ciudadania-enitalia.com\/index.php\/preparacion\/\">Preparaci\u00f3n de Documentos<\/a><br><a href=\"https:\/\/ciudadania-enitalia.com\/index.php\/tramites\/\">Tr\u00e1mites en Italia<\/a> \u00b7 <a href=\"https:\/\/ciudadania-enitalia.com\/index.php\/documentos\/\">Documentaci\u00f3n en Italia<\/a><br><a href=\"https:\/\/ciudadania-enitalia.com\/index.php\/consulado\/\">Tr\u00e1mites Consulares<\/a> \u00b7 <a href=\"https:\/\/ciudadania-enitalia.com\/index.php\/especifica\/\">Informaci\u00f3n Espec\u00edfica<\/a><\/p>\n<\/div>\n<\/div>\n<\/div><\/div>\n","protected":false},"excerpt":{"rendered":"<p>Avv. Evelin Marchetti La Abogada Evelin Marchetti es laureada en la \u2018Universit\u00e0 degli Studi di Brescia\u2019 y especializada en inmigraci\u00f3n. Ha estudiado adem\u00e1s en Montpellier y Toulouse (Francia). Se encuentra inscrita en el ASGI (Asociaci\u00f3n para los Estudios Jur\u00eddicos sobre Inmigraci\u00f3n), donde se brindan cursos y seminarios de actualizaci\u00f3n sobre la normativa de Ciudadan\u00eda, residencia<a class=\"more-link\" href=\"https:\/\/ciudadania-enitalia.com\/index.php\/avv-evelin-marchetti\/\">Continue reading <span class=\"screen-reader-text\">&#8220;Avv Evelin Marchetti&#8221;<\/span><\/a><\/p>\n","protected":false},"author":1,"featured_media":0,"parent":0,"menu_order":0,"comment_status":"closed","ping_status":"closed","template":"","meta":{"_uag_custom_page_level_css":"","footnotes":""},"class_list":["post-1721","page","type-page","status-publish","hentry","entry"],"yoast_head":"<!-- This site is optimized with the Yoast SEO plugin v27.5 - https:\/\/yoast.com\/product\/yoast-seo-wordpress\/ -->\n<title>Avv Evelin Marchetti - Ciudadan\u00eda en Italia<\/title>\n<meta name=\"robots\" content=\"index, follow, max-snippet:-1, max-image-preview:large, max-video-preview:-1\" \/>\n<link rel=\"canonical\" href=\"https:\/\/ciudadania-enitalia.com\/index.php\/avv-evelin-marchetti\/\" \/>\n<meta property=\"og:locale\" content=\"es_ES\" \/>\n<meta property=\"og:type\" content=\"article\" \/>\n<meta property=\"og:title\" content=\"Avv Evelin Marchetti - Ciudadan\u00eda en Italia\" \/>\n<meta property=\"og:description\" content=\"Avv. Evelin Marchetti La Abogada Evelin Marchetti es laureada en la \u2018Universit\u00e0 degli Studi di Brescia\u2019 y especializada en inmigraci\u00f3n. Ha estudiado adem\u00e1s en Montpellier y Toulouse (Francia). Se encuentra inscrita en el ASGI (Asociaci\u00f3n para los Estudios Jur\u00eddicos sobre Inmigraci\u00f3n), donde se brindan cursos y seminarios de actualizaci\u00f3n sobre la normativa de Ciudadan\u00eda, residenciaContinue reading &quot;Avv Evelin Marchetti&quot;\" \/>\n<meta property=\"og:url\" content=\"https:\/\/ciudadania-enitalia.com\/index.php\/avv-evelin-marchetti\/\" \/>\n<meta property=\"og:site_name\" content=\"Ciudadan\u00eda en Italia\" \/>\n<meta property=\"article:modified_time\" content=\"2025-02-22T18:16:52+00:00\" \/>\n<meta property=\"og:image\" content=\"https:\/\/ciudadania-enitalia.com\/wp-content\/uploads\/2023\/10\/edited-24-683x1024.jpg\" \/>\n<meta name=\"twitter:card\" content=\"summary_large_image\" \/>\n<meta name=\"twitter:label1\" content=\"Tiempo de lectura\" \/>\n\t<meta name=\"twitter:data1\" content=\"1 minuto\" \/>\n<script type=\"application\/ld+json\" class=\"yoast-schema-graph\">{\"@context\":\"https:\\\/\\\/schema.org\",\"@graph\":[{\"@type\":\"WebPage\",\"@id\":\"https:\\\/\\\/ciudadania-enitalia.com\\\/index.php\\\/avv-evelin-marchetti\\\/\",\"url\":\"https:\\\/\\\/ciudadania-enitalia.com\\\/index.php\\\/avv-evelin-marchetti\\\/\",\"name\":\"Avv Evelin Marchetti - Ciudadan\u00eda en Italia\",\"isPartOf\":{\"@id\":\"https:\\\/\\\/ciudadania-enitalia.com\\\/#website\"},\"primaryImageOfPage\":{\"@id\":\"https:\\\/\\\/ciudadania-enitalia.com\\\/index.php\\\/avv-evelin-marchetti\\\/#primaryimage\"},\"image\":{\"@id\":\"https:\\\/\\\/ciudadania-enitalia.com\\\/index.php\\\/avv-evelin-marchetti\\\/#primaryimage\"},\"thumbnailUrl\":\"https:\\\/\\\/ciudadania-enitalia.com\\\/wp-content\\\/uploads\\\/2023\\\/10\\\/edited-24-683x1024.jpg\",\"datePublished\":\"2023-10-09T10:45:29+00:00\",\"dateModified\":\"2025-02-22T18:16:52+00:00\",\"breadcrumb\":{\"@id\":\"https:\\\/\\\/ciudadania-enitalia.com\\\/index.php\\\/avv-evelin-marchetti\\\/#breadcrumb\"},\"inLanguage\":\"es-AR\",\"potentialAction\":[{\"@type\":\"ReadAction\",\"target\":[\"https:\\\/\\\/ciudadania-enitalia.com\\\/index.php\\\/avv-evelin-marchetti\\\/\"]}]},{\"@type\":\"ImageObject\",\"inLanguage\":\"es-AR\",\"@id\":\"https:\\\/\\\/ciudadania-enitalia.com\\\/index.php\\\/avv-evelin-marchetti\\\/#primaryimage\",\"url\":\"https:\\\/\\\/ciudadania-enitalia.com\\\/wp-content\\\/uploads\\\/2023\\\/10\\\/edited-24-scaled.jpg\",\"contentUrl\":\"https:\\\/\\\/ciudadania-enitalia.com\\\/wp-content\\\/uploads\\\/2023\\\/10\\\/edited-24-scaled.jpg\",\"width\":1707,\"height\":2560},{\"@type\":\"BreadcrumbList\",\"@id\":\"https:\\\/\\\/ciudadania-enitalia.com\\\/index.php\\\/avv-evelin-marchetti\\\/#breadcrumb\",\"itemListElement\":[{\"@type\":\"ListItem\",\"position\":1,\"name\":\"Inicio\",\"item\":\"https:\\\/\\\/ciudadania-enitalia.com\\\/\"},{\"@type\":\"ListItem\",\"position\":2,\"name\":\"Avv Evelin Marchetti\"}]},{\"@type\":\"WebSite\",\"@id\":\"https:\\\/\\\/ciudadania-enitalia.com\\\/#website\",\"url\":\"https:\\\/\\\/ciudadania-enitalia.com\\\/\",\"name\":\"Ciudadan\u00eda en Italia\",\"description\":\"Asesoramiento y Gesti\u00f3n de la Ciudadan\u00eda Italiana\",\"potentialAction\":[{\"@type\":\"SearchAction\",\"target\":{\"@type\":\"EntryPoint\",\"urlTemplate\":\"https:\\\/\\\/ciudadania-enitalia.com\\\/?s={search_term_string}\"},\"query-input\":{\"@type\":\"PropertyValueSpecification\",\"valueRequired\":true,\"valueName\":\"search_term_string\"}}],\"inLanguage\":\"es-AR\"}]}<\/script>\n<!-- \/ Yoast SEO plugin. -->","yoast_head_json":{"title":"Avv Evelin Marchetti - Ciudadan\u00eda en Italia","robots":{"index":"index","follow":"follow","max-snippet":"max-snippet:-1","max-image-preview":"max-image-preview:large","max-video-preview":"max-video-preview:-1"},"canonical":"https:\/\/ciudadania-enitalia.com\/index.php\/avv-evelin-marchetti\/","og_locale":"es_ES","og_type":"article","og_title":"Avv Evelin Marchetti - Ciudadan\u00eda en Italia","og_description":"Avv. Evelin Marchetti La Abogada Evelin Marchetti es laureada en la \u2018Universit\u00e0 degli Studi di Brescia\u2019 y especializada en inmigraci\u00f3n. Ha estudiado adem\u00e1s en Montpellier y Toulouse (Francia). Se encuentra inscrita en el ASGI (Asociaci\u00f3n para los Estudios Jur\u00eddicos sobre Inmigraci\u00f3n), donde se brindan cursos y seminarios de actualizaci\u00f3n sobre la normativa de Ciudadan\u00eda, residenciaContinue reading \"Avv Evelin Marchetti\"","og_url":"https:\/\/ciudadania-enitalia.com\/index.php\/avv-evelin-marchetti\/","og_site_name":"Ciudadan\u00eda en Italia","article_modified_time":"2025-02-22T18:16:52+00:00","og_image":[{"url":"https:\/\/ciudadania-enitalia.com\/wp-content\/uploads\/2023\/10\/edited-24-683x1024.jpg","type":"","width":"","height":""}],"twitter_card":"summary_large_image","twitter_misc":{"Tiempo de lectura":"1 minuto"},"schema":{"@context":"https:\/\/schema.org","@graph":[{"@type":"WebPage","@id":"https:\/\/ciudadania-enitalia.com\/index.php\/avv-evelin-marchetti\/","url":"https:\/\/ciudadania-enitalia.com\/index.php\/avv-evelin-marchetti\/","name":"Avv Evelin Marchetti - Ciudadan\u00eda en Italia","isPartOf":{"@id":"https:\/\/ciudadania-enitalia.com\/#website"},"primaryImageOfPage":{"@id":"https:\/\/ciudadania-enitalia.com\/index.php\/avv-evelin-marchetti\/#primaryimage"},"image":{"@id":"https:\/\/ciudadania-enitalia.com\/index.php\/avv-evelin-marchetti\/#primaryimage"},"thumbnailUrl":"https:\/\/ciudadania-enitalia.com\/wp-content\/uploads\/2023\/10\/edited-24-683x1024.jpg","datePublished":"2023-10-09T10:45:29+00:00","dateModified":"2025-02-22T18:16:52+00:00","breadcrumb":{"@id":"https:\/\/ciudadania-enitalia.com\/index.php\/avv-evelin-marchetti\/#breadcrumb"},"inLanguage":"es-AR","potentialAction":[{"@type":"ReadAction","target":["https:\/\/ciudadania-enitalia.com\/index.php\/avv-evelin-marchetti\/"]}]},{"@type":"ImageObject","inLanguage":"es-AR","@id":"https:\/\/ciudadania-enitalia.com\/index.php\/avv-evelin-marchetti\/#primaryimage","url":"https:\/\/ciudadania-enitalia.com\/wp-content\/uploads\/2023\/10\/edited-24-scaled.jpg","contentUrl":"https:\/\/ciudadania-enitalia.com\/wp-content\/uploads\/2023\/10\/edited-24-scaled.jpg","width":1707,"height":2560},{"@type":"BreadcrumbList","@id":"https:\/\/ciudadania-enitalia.com\/index.php\/avv-evelin-marchetti\/#breadcrumb","itemListElement":[{"@type":"ListItem","position":1,"name":"Inicio","item":"https:\/\/ciudadania-enitalia.com\/"},{"@type":"ListItem","position":2,"name":"Avv Evelin Marchetti"}]},{"@type":"WebSite","@id":"https:\/\/ciudadania-enitalia.com\/#website","url":"https:\/\/ciudadania-enitalia.com\/","name":"Ciudadan\u00eda en Italia","description":"Asesoramiento y Gesti\u00f3n de la Ciudadan\u00eda Italiana","potentialAction":[{"@type":"SearchAction","target":{"@type":"EntryPoint","urlTemplate":"https:\/\/ciudadania-enitalia.com\/?s={search_term_string}"},"query-input":{"@type":"PropertyValueSpecification","valueRequired":true,"valueName":"search_term_string"}}],"inLanguage":"es-AR"}]}},"uagb_featured_image_src":{"full":false,"thumbnail":false,"medium":false,"medium_large":false,"large":false,"1536x1536":false,"2048x2048":false,"post-thumbnail":false},"uagb_author_info":{"display_name":"admin","author_link":"https:\/\/ciudadania-enitalia.com\/index.php\/author\/matmay1\/"},"uagb_comment_info":0,"uagb_excerpt":"Avv. Evelin Marchetti La Abogada Evelin Marchetti es laureada en la \u2018Universit\u00e0 degli Studi di Brescia\u2019 y especializada en inmigraci\u00f3n. Ha estudiado adem\u00e1s en Montpellier y Toulouse (Francia). Se encuentra inscrita en el ASGI (Asociaci\u00f3n para los Estudios Jur\u00eddicos sobre Inmigraci\u00f3n), donde se brindan cursos y seminarios de actualizaci\u00f3n sobre la normativa de Ciudadan\u00eda, residenciaContinue&hellip;","jetpack_sharing_enabled":false,"_links":{"self":[{"href":"https:\/\/ciudadania-enitalia.com\/index.php\/wp-json\/wp\/v2\/pages\/1721","targetHints":{"allow":["GET"]}}],"collection":[{"href":"https:\/\/ciudadania-enitalia.com\/index.php\/wp-json\/wp\/v2\/pages"}],"about":[{"href":"https:\/\/ciudadania-enitalia.com\/index.php\/wp-json\/wp\/v2\/types\/page"}],"author":[{"embeddable":true,"href":"https:\/\/ciudadania-enitalia.com\/index.php\/wp-json\/wp\/v2\/users\/1"}],"replies":[{"embeddable":true,"href":"https:\/\/ciudadania-enitalia.com\/index.php\/wp-json\/wp\/v2\/comments?post=1721"}],"version-history":[{"count":9,"href":"https:\/\/ciudadania-enitalia.com\/index.php\/wp-json\/wp\/v2\/pages\/1721\/revisions"}],"predecessor-version":[{"id":1852,"href":"https:\/\/ciudadania-enitalia.com\/index.php\/wp-json\/wp\/v2\/pages\/1721\/revisions\/1852"}],"wp:attachment":[{"href":"https:\/\/ciudadania-enitalia.com\/index.php\/wp-json\/wp\/v2\/media?parent=1721"}],"curies":[{"name":"wp","href":"https:\/\/api.w.org\/{rel}","templated":true}]}}